{"id":2615,"date":"2013-05-30T09:54:37","date_gmt":"2013-05-30T08:54:37","guid":{"rendered":"http:\/\/www.velocanauxdodo.fr\/?page_id=2615"},"modified":"2021-05-16T10:58:31","modified_gmt":"2021-05-16T09:58:31","slug":"canal-de-montech","status":"publish","type":"page","link":"http:\/\/www.velocanauxdodo.fr\/?page_id=2615","title":{"rendered":"Canal de Montech"},"content":{"rendered":"<p style=\"text-align: right;\"><img loading=\"lazy\" decoding=\"async\" class=\"size-medium wp-image-2616 alignleft\" title=\"20130506160108-img_4491\" src=\"\/wp-content\/uploads\/20130506160108-img_4491-199x300.jpg\" alt=\"20130506160108-img_4491\" width=\"159\" height=\"240\" srcset=\"http:\/\/www.velocanauxdodo.fr\/wp-content\/uploads\/20130506160108-img_4491-199x300.jpg 199w, http:\/\/www.velocanauxdodo.fr\/wp-content\/uploads\/20130506160108-img_4491.jpg 298w\" sizes=\"auto, (max-width: 159px) 100vw, 159px\" \/><a href=\"http:\/\/www.velocanauxdodo.fr\/?page_id=2615&amp;print=1\" title=\"Imprimer cet article\" rel=\"nofollow\"><img decoding=\"async\" class=\"WP-PrintIcon\" src=\"http:\/\/www.velocanauxdodo.fr\/wp-content\/plugins\/wp-print\/images\/print.gif\" alt=\"Imprimer cet article\" title=\"Imprimer cet article\" style=\"border: 0px;\" \/><\/a>&nbsp;<a href=\"http:\/\/www.velocanauxdodo.fr\/?page_id=2615&amp;print=1\" title=\"Imprimer cet article\" rel=\"nofollow\">Imprimer cet article<\/a><\/p>\n<p><strong>Le 6&nbsp;mai 2013 de Montauban \u00e0 Montech aller et retour<\/strong><\/p>\n<h2>L&rsquo;itin\u00e9raire:<\/h2>\n<p>En suivant le halage. Ce petit canal de 11 km relie le Tarn \u00e0 Montauban au canal <a href=\"\/?page_id=1161\">lat\u00e9ral de la Garonne<\/a> \u00e0 Montech. Le canal a \u00e9t\u00e9 r\u00e9ouvert \u00e0 la navigation en 2003. le chemin de halage est de bonne qualit\u00e9 depuis Montauban dans sa premi\u00e8re moiti\u00e9, plus rustique apr\u00e8s et semble-t-il en cours d&rsquo;am\u00e9nagement. Mais \u00e7a passe!<\/p>\n<p><span style=\"color: #008000;\"><strong>Ao\u00fbt 2018: refait \u00e0 l&rsquo;occasion de la descente de la <a href=\"http:\/\/www.velocanauxdodo.fr\/?page_id=6782#montech\">vall\u00e9e du Lot<\/a>. Le chemin de halage est d\u00e9sormais enti\u00e8rement rev\u00eatu.&nbsp;<\/strong><\/span><\/p>\n<p>&nbsp;<\/p>\n<p>&nbsp;<\/p>\n<h2>Les \u00e9tapes:<img loading=\"lazy\" decoding=\"async\" class=\"alignright size-medium wp-image-2621\" title=\"20130506190529-img_4499\" src=\"\/wp-content\/uploads\/20130506190529-img_4499-300x199.jpg\" alt=\"20130506190529-img_4499\" width=\"300\" height=\"199\" srcset=\"http:\/\/www.velocanauxdodo.fr\/wp-content\/uploads\/20130506190529-img_4499-300x199.jpg 300w, http:\/\/www.velocanauxdodo.fr\/wp-content\/uploads\/20130506190529-img_4499.jpg 448w\" sizes=\"auto, (max-width: 300px) 100vw, 300px\" \/><\/h2>\n<h3>Montauban:<\/h3>\n<p>&nbsp;<\/p>\n<p><img loading=\"lazy\" decoding=\"async\" class=\"size-full wp-image-313 alignleft\" title=\"oui\" src=\"\/wp-content\/uploads\/oui.gif\" alt=\"oui\" width=\"50\" height=\"49\"><\/p>\n<p>Hotel <a href=\"http:\/\/www.ibis.com\/fr\/hotel-5318-ibis-budget-montauban-centre-ex-etap-hotel\/index.shtml#\" target=\"_blank\" rel=\"noopener\">Ibis-budget<\/a>. Un low cost aux allures de grand.&nbsp;En centre-ville, de &nbsp;l&rsquo;espace, un grand parking, un petit resto-pates pas cher et on peut garer son v\u00e9lo \u00e0 l&rsquo;int\u00e9rieur.<\/p>\n<p>&nbsp;<\/p>\n<h3>Montauban&nbsp;\u2192&nbsp;Montech (22 km A\/R):<\/h3>\n<p><img loading=\"lazy\" decoding=\"async\" class=\"alignleft size-medium wp-image-2624\" title=\"20130506143814-img_4471\" src=\"\/wp-content\/uploads\/20130506143814-img_4471-300x199.jpg\" alt=\"20130506143814-img_4471\" width=\"270\" height=\"179\" srcset=\"http:\/\/www.velocanauxdodo.fr\/wp-content\/uploads\/20130506143814-img_4471-300x199.jpg 300w, http:\/\/www.velocanauxdodo.fr\/wp-content\/uploads\/20130506143814-img_4471.jpg 448w\" sizes=\"auto, (max-width: 270px) 100vw, 270px\" \/><\/p>\n<p>&nbsp;<\/p>\n<p>&nbsp;<\/p>\n<p>D\u00e9part depuis le port-canal. Parkings de chaque c\u00f4t\u00e9 mais attention, en auto, il faut faire au moins 5km pour passer d&rsquo;une rive \u00e0 l&rsquo;autre! Belle voie en stabilis\u00e9 au d\u00e9part et chemin bien roulant ensuite sur les 5 premiers km jalonn\u00e9 de 10 belles maisons \u00e9clusi\u00e8res. Le canal est ensuite plus rectiligne et le halage moins entretenu jusqu&rsquo;\u00e0 Montech.<\/p>\n<h3>&nbsp;<\/h3>\n<p>&nbsp;<\/p>\n<h2>Le parcours<\/h2>\n<p>Ci dessous la trace du parcours.<br \/>\nLa trace est disponible dans le menu <a href=\"\/?page_id=262\">t\u00e9l\u00e9chargements<\/a>.<\/p>\n<p><center>[map kml=\u00a0\u00bbhttp:\/\/www.velocanauxdodo.fr\/wp-content\/gpstraces\/montech.kmz\u00a0\u00bb style=\u00a0\u00bbwidth:550px; height:400px; border:2px solid black; margin:20px 20px 20px 20px;\u00a0\u00bb z=\u00a0\u00bb12&Prime;]<\/center><center>&nbsp;<\/center><\/p>\n<h2>La documentation:<\/h2>\n<p><div class=\"note\"><div class=\"noteclassic\"><\/p>\n<p>&nbsp;<\/p>\n<p>A ma connaissance, rien de sp\u00e9cifique.<\/p>\n<p>Une courte description dans le guide n\u00b02 par J. Savary et&nbsp;M Nilly&nbsp;de l&rsquo;association <a href=\"http:\/\/toulousevelo.free.fr\/spip.php?article326\" target=\"_blank\" rel=\"noopener\">VELO-Toulouse.<\/a><\/p>\n<p><\/div><\/div><\/p>\n<\/p>\n<h2>Photos<\/h2>\n<p>ngg_shortcode_0_placeholder<\/p>\n<p>\n<p style=\"text-align: right;\"><a href=\"http:\/\/www.velocanauxdodo.fr\/?page_id=2615&amp;print=1\" title=\"Imprimer cet article\" rel=\"nofollow\"><img decoding=\"async\" class=\"WP-PrintIcon\" src=\"http:\/\/www.velocanauxdodo.fr\/wp-content\/plugins\/wp-print\/images\/print.gif\" alt=\"Imprimer cet article\" title=\"Imprimer cet article\" style=\"border: 0px;\" \/><\/a>&nbsp;<a href=\"http:\/\/www.velocanauxdodo.fr\/?page_id=2615&amp;print=1\" title=\"Imprimer cet article\" rel=\"nofollow\">Imprimer cet article<\/a><\/p>\n","protected":false},"excerpt":{"rendered":"<p style=\"text-align: right;\">&nbsp;Imprimer cet article<\/p>\n<p>Le 6&nbsp;mai 2013 de Montauban \u00e0 Montech aller et retour<\/p>\n<p> L&rsquo;itin\u00e9raire: <\/p>\n<p>En suivant le halage. Ce petit canal de 11 km relie le Tarn \u00e0 Montauban au canal lat\u00e9ral de la Garonne \u00e0 Montech. Le canal a \u00e9t\u00e9 r\u00e9ouvert \u00e0 la navigation en 2003. le chemin de halage est de [&#8230;]<\/p>\n","protected":false},"author":3,"featured_media":0,"parent":179,"menu_order":0,"comment_status":"open","ping_status":"open","template":"","meta":{"ngg_post_thumbnail":0,"footnotes":""},"class_list":["post-2615","page","type-page","status-publish","hentry","odd"],"_links":{"self":[{"href":"http:\/\/www.velocanauxdodo.fr\/index.php?rest_route=\/wp\/v2\/pages\/2615","targetHints":{"allow":["GET"]}}],"collection":[{"href":"http:\/\/www.velocanauxdodo.fr\/index.php?rest_route=\/wp\/v2\/pages"}],"about":[{"href":"http:\/\/www.velocanauxdodo.fr\/index.php?rest_route=\/wp\/v2\/types\/page"}],"author":[{"embeddable":true,"href":"http:\/\/www.velocanauxdodo.fr\/index.php?rest_route=\/wp\/v2\/users\/3"}],"replies":[{"embeddable":true,"href":"http:\/\/www.velocanauxdodo.fr\/index.php?rest_route=%2Fwp%2Fv2%2Fcomments&post=2615"}],"version-history":[{"count":27,"href":"http:\/\/www.velocanauxdodo.fr\/index.php?rest_route=\/wp\/v2\/pages\/2615\/revisions"}],"predecessor-version":[{"id":7224,"href":"http:\/\/www.velocanauxdodo.fr\/index.php?rest_route=\/wp\/v2\/pages\/2615\/revisions\/7224"}],"up":[{"embeddable":true,"href":"http:\/\/www.velocanauxdodo.fr\/index.php?rest_route=\/wp\/v2\/pages\/179"}],"wp:attachment":[{"href":"http:\/\/www.velocanauxdodo.fr\/index.php?rest_route=%2Fwp%2Fv2%2Fmedia&parent=2615"}],"curies":[{"name":"wp","href":"https:\/\/api.w.org\/{rel}","templated":true}]}}