{"id":5988,"date":"2017-06-05T10:54:36","date_gmt":"2017-06-05T09:54:36","guid":{"rendered":"http:\/\/www.velocanauxdodo.fr\/?page_id=5988"},"modified":"2021-09-15T15:55:11","modified_gmt":"2021-09-15T14:55:11","slug":"la-velo-francette","status":"publish","type":"page","link":"http:\/\/www.velocanauxdodo.fr\/?page_id=5988","title":{"rendered":"La V\u00e9lo Francette"},"content":{"rendered":"<p style=\"text-align: right;\"><a href=\"http:\/\/www.velocanauxdodo.fr\/?page_id=5988&amp;print=1\" title=\"Imprimer cet article\" rel=\"nofollow\"><img decoding=\"async\" class=\"WP-PrintIcon\" src=\"http:\/\/www.velocanauxdodo.fr\/wp-content\/plugins\/wp-print\/images\/print.gif\" alt=\"Imprimer cet article\" title=\"Imprimer cet article\" style=\"border: 0px;\" \/><\/a>&nbsp;<a href=\"http:\/\/www.velocanauxdodo.fr\/?page_id=5988&amp;print=1\" title=\"Imprimer cet article\" rel=\"nofollow\">Imprimer cet article<\/a><\/p>\n<h4><img loading=\"lazy\" decoding=\"async\" class=\"alignleft size-thumbnail wp-image-6010\" src=\"http:\/\/www.velocanauxdodo.fr\/wp-content\/uploads\/20170519_100643-DSC03139-792x800-150x150.jpg\" alt=\"\" width=\"150\" height=\"150\">La V\u00e9lo Francette, V43 dans le sch\u00e9ma directeur des v\u00e9loroutes fran\u00e7aises a \u00e9t\u00e9 lanc\u00e9e en 2015. Elle a re\u00e7u en 2017 le label de \u00ab\u00a0<a href=\"https:\/\/www.lavelofrancette.com\/itineraire\/la-velo-francette-elue-meilleure-veloroute-deurope-en-2017.-un-cyclo-voyage-qui-vaut-le-detour\" target=\"_blank\" rel=\"noopener noreferrer\">meilleure v\u00e9loroute europ\u00e9enne de l&rsquo;ann\u00e9e<\/a>\u00ab\u00a0! C&rsquo;est, \u00e0 mon avis, et apr\u00e8s l&rsquo;avoir faite, un titre usurp\u00e9. D&rsquo;abord par sa jeunesse: beaucoup trop de tron\u00e7ons partag\u00e9s sur des routes certes calmes en ce moi de mai, mais, qui doivent l&rsquo;\u00eatre moins en \u00e9t\u00e9, un balisage parfait mais une signal\u00e9tique touristique inexistante. Ensuite en raison des d\u00e9clivit\u00e9s importantes dans les tron\u00e7ons non am\u00e9nag\u00e9s qui la rendent inadapt\u00e9e \u00e0 une pratique tout public. A \u00e9viter avec des enfants et personnes sensibles aux mont\u00e9es; ou bien, investissez dans un VAE!<\/h4>\n<h4>du 15 au 25 mai 2017<\/h4>\n<h2 style=\"text-align: left;\">Le voyage<\/h2>\n<p>Ah le transport des v\u00e9los dans les trains et dans les gares!!! Nous partons de Massy avec une confortable avance mais le RER vers Paris a 1\/2 heure de retard! A la gare du nord la sortie vers le Bd de la Chapelle est impraticable: le portillon pour PMR est cadenass\u00e9 et personne ne veut ouvrir! un agent RATP nous guide vers une autre sortie. Nous avons encore perdu 1\/4 H! A fond la caisse ensuite vers la gare St Lazare au milieu du traffic. On arrive \u00e0 grimper dans le train pour Caen juste quand la porte se referme sur la roue du dernier v\u00e9lo! ouf.<\/p>\n<div id=\"attachment_6005\" style=\"width: 310px\" class=\"wp-caption alignright\"><img loading=\"lazy\" decoding=\"async\" aria-describedby=\"caption-attachment-6005\" class=\"wp-image-6005 size-medium\" src=\"http:\/\/www.velocanauxdodo.fr\/wp-content\/uploads\/20170515_165625-DSC03010-800x533-300x200.jpg\" alt=\"\" width=\"300\" height=\"200\" srcset=\"http:\/\/www.velocanauxdodo.fr\/wp-content\/uploads\/20170515_165625-DSC03010-800x533-300x200.jpg 300w, http:\/\/www.velocanauxdodo.fr\/wp-content\/uploads\/20170515_165625-DSC03010-800x533-768x512.jpg 768w, http:\/\/www.velocanauxdodo.fr\/wp-content\/uploads\/20170515_165625-DSC03010-800x533-150x100.jpg 150w, http:\/\/www.velocanauxdodo.fr\/wp-content\/uploads\/20170515_165625-DSC03010-800x533-400x267.jpg 400w, http:\/\/www.velocanauxdodo.fr\/wp-content\/uploads\/20170515_165625-DSC03010-800x533.jpg 800w\" sizes=\"auto, (max-width: 300px) 100vw, 300px\" \/><p id=\"caption-attachment-6005\" class=\"wp-caption-text\">Au d\u00e9part de Ouistreham<\/p><\/div>\n<h2>L\u2019itin\u00e9raire:<\/h2>\n<p>En suivant la V\u00e9lo Francette de Caen-Ouistreham \u00e0 La Rochelle puis quelques jours \u00e0 Ol\u00e9ron pour se remettre.<\/p>\n<h2 style=\"text-align: left;\">Les \u00e9tapes<\/h2>\n<h3 style=\"text-align: left;\">Caen&nbsp;\u2192&nbsp;Ouistreham &nbsp;\u2192 Caen&nbsp; (36km)<\/h3>\n<p style=\"text-align: left;\">&nbsp;Mise en jambe sur la belle voie verte entre Caen et la mer.<\/p>\n<h6 style=\"text-align: left;\"><img loading=\"lazy\" decoding=\"async\" class=\"alignleft wp-image-406\" src=\"http:\/\/www.velocanauxdodo.fr\/wp-content\/uploads\/oui.gif\" alt=\"OUI, allez-y!\" width=\"48\" height=\"48\">Nuit \u00e0 l&rsquo;Ibis-Budget de Caen-Gare.<\/h6>\n<p>Bien plac\u00e9 en face de la gare. Sans surprise. Cour ferm\u00e9e avec garage pour les v\u00e9los.<\/p>\n<div id=\"attachment_6006\" style=\"width: 310px\" class=\"wp-caption alignright\"><img loading=\"lazy\" decoding=\"async\" aria-describedby=\"caption-attachment-6006\" class=\"wp-image-6006 size-medium\" src=\"http:\/\/www.velocanauxdodo.fr\/wp-content\/uploads\/20170516_103624-DSC03040-800x533-300x200.jpg\" alt=\"\" width=\"300\" height=\"200\" srcset=\"http:\/\/www.velocanauxdodo.fr\/wp-content\/uploads\/20170516_103624-DSC03040-800x533-300x200.jpg 300w, http:\/\/www.velocanauxdodo.fr\/wp-content\/uploads\/20170516_103624-DSC03040-800x533-768x512.jpg 768w, http:\/\/www.velocanauxdodo.fr\/wp-content\/uploads\/20170516_103624-DSC03040-800x533-150x100.jpg 150w, http:\/\/www.velocanauxdodo.fr\/wp-content\/uploads\/20170516_103624-DSC03040-800x533-400x267.jpg 400w, http:\/\/www.velocanauxdodo.fr\/wp-content\/uploads\/20170516_103624-DSC03040-800x533.jpg 800w\" sizes=\"auto, (max-width: 300px) 100vw, 300px\" \/><p id=\"caption-attachment-6006\" class=\"wp-caption-text\">Moulin sur l&rsquo;Orne<\/p><\/div>\n<h3 style=\"text-align: left;\">Caen&nbsp;\u2192&nbsp;Cond\u00e9-sur-Noireau (69 km)<\/h3>\n<p style=\"text-align: left;\">Superbe voie verte am\u00e9nag\u00e9e sur une ancienne voie ferr\u00e9e qui serpente dans les collines de la Suisse Normande, emprunte tunnels et viaducs surplombant l&rsquo;Orne, ses moulins et ses vieux ponts. Toutes les activit\u00e9s sportives de montagne sont pr\u00e9sentes: escalade, descente en rappel, parapente, cano\u00e9-kayak et bien s\u00fbr v\u00e9lo de rando ou tout terrain. Mais le bonheur est de courte dur\u00e9e car apr\u00e8s Thury-Harcourt, l&rsquo;itin\u00e9raire emprunte de petites routes agr\u00e9ment\u00e9es de belles c\u00f4tes (entre Thury et Pont d&rsquo;Ouilly le d\u00e9nivel\u00e9 cumul\u00e9 est de 450m!).<\/p>\n<p style=\"text-align: left;\"><span style=\"color: #ff0000;\">Plusieurs chantiers en cours visibles sur l&rsquo;ancienne voie ferr\u00e9e. On peut esp\u00e9rer d&rsquo;ici peu de disposer d&rsquo;une belle voie am\u00e9nag\u00e9e pour les v\u00e9los.<\/span><\/p>\n<p style=\"text-align: left;\">D\u00e9jeuner le midi \u00e0 la terrasse de la boulangerie de Cl\u00e9cy et un petit coup de recharge \u00e0 la batterie du v\u00e9lo de madame qui a quand m\u00eame un peu souffert (la batterie) dans les c\u00f4tes.<\/p>\n<p style=\"text-align: left;\">De Pont d&rsquo;Ouilly \u00e0 Cond\u00e9 la route longe le Noireau et, en dehors d&rsquo;une belle c\u00f4te peu avant d&rsquo;arriver, reste assez plate.<\/p>\n<h6 style=\"text-align: left;\"><img loading=\"lazy\" decoding=\"async\" class=\"alignleft wp-image-308 \" src=\"http:\/\/www.velocanauxdodo.fr\/wp-content\/uploads\/coeur_022.gif\" alt=\"\" width=\"51\" height=\"51\">nuit \u00e0 Cond\u00e9 au \u00ab\u00a0<a href=\"http:\/\/manoirdeconde.com\/\" target=\"_blank\" rel=\"noopener noreferrer\">Manoir de Cond\u00e9<\/a>\u00ab\u00a0<\/h6>\n<p>Virgile, ancien international de tennis, c&rsquo;est reconverti dans l&rsquo;h\u00f4tellerie. Hyper actif, Il am\u00e9nage et&nbsp;entretien seul son domaine mais ferait bien d&#8217;embaucher pour l&rsquo;aider au m\u00e9nage.&nbsp;Super accueil, belle chambre et 3 piscines! Abri pour les v\u00e9lo, cuisine \u00e9quip\u00e9e \u00e0 disposition.<\/p>\n<h3 style=\"text-align: left;\">Cond\u00e9&nbsp;\u2192&nbsp;Ambri\u00e8res-les-Vall\u00e9es&nbsp;(79 km)<\/h3>\n<div id=\"attachment_6007\" style=\"width: 310px\" class=\"wp-caption alignright\"><img loading=\"lazy\" decoding=\"async\" aria-describedby=\"caption-attachment-6007\" class=\"size-medium wp-image-6007\" src=\"http:\/\/www.velocanauxdodo.fr\/wp-content\/uploads\/20170517_115601-DSC03091-800x533-300x200.jpg\" alt=\"\" width=\"300\" height=\"200\" srcset=\"http:\/\/www.velocanauxdodo.fr\/wp-content\/uploads\/20170517_115601-DSC03091-800x533-300x200.jpg 300w, http:\/\/www.velocanauxdodo.fr\/wp-content\/uploads\/20170517_115601-DSC03091-800x533-768x512.jpg 768w, http:\/\/www.velocanauxdodo.fr\/wp-content\/uploads\/20170517_115601-DSC03091-800x533-150x100.jpg 150w, http:\/\/www.velocanauxdodo.fr\/wp-content\/uploads\/20170517_115601-DSC03091-800x533-400x267.jpg 400w, http:\/\/www.velocanauxdodo.fr\/wp-content\/uploads\/20170517_115601-DSC03091-800x533.jpg 800w\" sizes=\"auto, (max-width: 300px) 100vw, 300px\" \/><p id=\"caption-attachment-6007\" class=\"wp-caption-text\">Pont m\u00e9galithique<\/p><\/div>\n<p style=\"text-align: left;\">Petites routes agr\u00e9ment\u00e9es de belles c\u00f4tes (350 m de d\u00e9nivel\u00e9 cumul\u00e9) jusqu&rsquo;apr\u00e8s Flers o\u00f9 on rattrape la voie verte qui va longer la Varenne jusqu&rsquo;\u00e0 Domfront. On croise l&rsquo;itin\u00e9raire de la <a href=\"http:\/\/www.velocanauxdodo.fr\/?page_id=4484\">V\u00e9losc\u00e9nie<\/a> faite en 2014.<\/p>\n<p style=\"text-align: left;\">Puis route partag\u00e9e \u00e0 nouveau qui serpente de chaque c\u00f4t\u00e9 de la rivi\u00e8re et la domine aussi quelque fois!<\/p>\n<p style=\"text-align: left;\">Arriv\u00e9e \u00e0 Ambi\u00e8res avec les premi\u00e8res gouttes.<\/p>\n<h6 style=\"text-align: left;\"><img loading=\"lazy\" decoding=\"async\" class=\"alignleft wp-image-406\" src=\"http:\/\/www.velocanauxdodo.fr\/wp-content\/uploads\/oui.gif\" alt=\"OUI, allez-y!\" width=\"48\" height=\"48\">Nuit \u00e0 Ambri\u00e8re \u00e0 l&rsquo;h\u00f4tel \u00ab\u00a0<a href=\"http:\/\/www.guedegenes.fr\/\" target=\"_blank\" rel=\"noopener noreferrer\">Le Gu\u00e9 de G\u00eanes **<\/a>\u00ab\u00a0<\/h6>\n<p style=\"text-align: left;\">Au bord de la voie verte. Bon accueil, chambre r\u00e9nov\u00e9e propre, petit d\u00e9jeuner copieux,&nbsp;menu \u00e9tape&nbsp;possible. Garage pour les v\u00e9los.<\/p>\n<div id=\"attachment_6008\" style=\"width: 310px\" class=\"wp-caption alignright\"><img loading=\"lazy\" decoding=\"async\" aria-describedby=\"caption-attachment-6008\" class=\"size-medium wp-image-6008\" src=\"http:\/\/www.velocanauxdodo.fr\/wp-content\/uploads\/20170518_152825-800x450-300x169.jpg\" alt=\"\" width=\"300\" height=\"169\" srcset=\"http:\/\/www.velocanauxdodo.fr\/wp-content\/uploads\/20170518_152825-800x450-300x169.jpg 300w, http:\/\/www.velocanauxdodo.fr\/wp-content\/uploads\/20170518_152825-800x450-768x432.jpg 768w, http:\/\/www.velocanauxdodo.fr\/wp-content\/uploads\/20170518_152825-800x450-150x84.jpg 150w, http:\/\/www.velocanauxdodo.fr\/wp-content\/uploads\/20170518_152825-800x450-400x225.jpg 400w, http:\/\/www.velocanauxdodo.fr\/wp-content\/uploads\/20170518_152825-800x450.jpg 800w\" sizes=\"auto, (max-width: 300px) 100vw, 300px\" \/><p id=\"caption-attachment-6008\" class=\"wp-caption-text\">Il pleut sur la Mayenne<\/p><\/div>\n<h3 style=\"text-align: left;\">Ambri\u00e8res&nbsp;\u2192&nbsp;Saint-Sulpice&nbsp;(&nbsp;79 km)<\/h3>\n<p style=\"text-align: left;\">&nbsp;Il pleut! pas des cordes, mais ce sera continu toute la journ\u00e9e! On part, \u00e9quip\u00e9s de casquette sous le casque, parka, pantalon et sur-chaussures sur la voie verte en direction de Mayenne.<\/p>\n<p style=\"text-align: left;\">Passage \u00e0 l&rsquo;office du tourisme pour essayer de trouver un moyen de raccourcir l&rsquo;\u00e9tape. S&rsquo;il y a des bus qui longent la rivi\u00e8re, ils ne prennent pas les v\u00e9los! Moi, qui&nbsp;ai d\u00e9couvert la <a href=\"http:\/\/www.velocanauxdodo.fr\/?page_id=38\">Mayenne et son chemin de halage<\/a> en 2008 et qui en faisait l&rsquo;\u00e9loge, je suis assez d\u00e9\u00e7u qu&rsquo;aucun effort soit fait pour faciliter le transport des v\u00e9los et randonneurs.<\/p>\n<p style=\"text-align: left;\">Pas le temps d&rsquo;appr\u00e9cier la beaut\u00e9 du paysage; on roule \u00e0 fond entre les gouttes jusqu&rsquo;\u00e0 Laval. D\u00e9jeuner dans un Libanais, dernier commerce encore pr\u00e9sent dans la rue qui devait \u00eatre commer\u00e7ante!<\/p>\n<p style=\"text-align: left;\">Le halage devient tout boueux et on arrive tout crott\u00e9s \u00e0 17H au moulin de Neuville.<\/p>\n<h6 style=\"text-align: left;\"><img loading=\"lazy\" decoding=\"async\" class=\"alignleft wp-image-308 \" src=\"http:\/\/www.velocanauxdodo.fr\/wp-content\/uploads\/coeur_022.gif\" alt=\"\" width=\"51\" height=\"51\">nuit au \u00ab\u00a0<a href=\"https:\/\/www.gites-de-france.com\/location-vacances-Saint-Sulpice-Chambre-d-hotes-LE-MOULIN-DE-NEUVILLE-53G113.html\" target=\"_blank\" rel=\"noopener noreferrer\">moulin de Neuville<\/a>\u00ab\u00a0<\/h6>\n<p style=\"text-align: left;\">Sur le chemin de halage (bien s\u00fbr!). Quel accueil! La patronne nous aide m\u00eame \u00e0 nettoyer nos v\u00e9los et sacoches. Quel cadre! on a l&rsquo;impression, depuis chaque fen\u00eatre de naviguer au milieu de la rivi\u00e8re. Belle chambre et bon petit d\u00e9jeuner. On peur utiliser la cuisine du moulin et une cr\u00eaperie est \u00e0 50m. Garage pour les v\u00e9los.<\/p>\n<div id=\"attachment_6009\" style=\"width: 310px\" class=\"wp-caption alignright\"><img loading=\"lazy\" decoding=\"async\" aria-describedby=\"caption-attachment-6009\" class=\"size-medium wp-image-6009\" src=\"http:\/\/www.velocanauxdodo.fr\/wp-content\/uploads\/20170519_074848-DSC03126-800x533-300x200.jpg\" alt=\"\" width=\"300\" height=\"200\" srcset=\"http:\/\/www.velocanauxdodo.fr\/wp-content\/uploads\/20170519_074848-DSC03126-800x533-300x200.jpg 300w, http:\/\/www.velocanauxdodo.fr\/wp-content\/uploads\/20170519_074848-DSC03126-800x533-768x512.jpg 768w, http:\/\/www.velocanauxdodo.fr\/wp-content\/uploads\/20170519_074848-DSC03126-800x533-150x100.jpg 150w, http:\/\/www.velocanauxdodo.fr\/wp-content\/uploads\/20170519_074848-DSC03126-800x533-400x267.jpg 400w, http:\/\/www.velocanauxdodo.fr\/wp-content\/uploads\/20170519_074848-DSC03126-800x533.jpg 800w\" sizes=\"auto, (max-width: 300px) 100vw, 300px\" \/><p id=\"caption-attachment-6009\" class=\"wp-caption-text\">La Mayenne vue du moulin de Neuville<\/p><\/div>\n<h3 style=\"text-align: left;\">Saint Sulpice \u2192 Angers (&nbsp;70 km)<\/h3>\n<p>Ce matin le gros brouillard sur la Mayenne se l\u00e8ve pour notre d\u00e9part. Le temps est mena\u00e7ant mais restera plut\u00f4t sec.<\/p>\n<p>Sur le halage jusqu&rsquo;\u00e0 Daon o\u00f9 on fait quelques courses \u00e0 la petite \u00e9picerie qui se trouve, apr\u00e8s avoir travers\u00e9 la rivi\u00e8re,&nbsp;tout en haut du village!<\/p>\n<p>On essuie quelques grains mais on a la chance de trouver une table de pique nique <strong>abrit\u00e9e<\/strong> pour le midi.<\/p>\n<p>Le parcours qui \u00e9tait plut\u00f4t rustique en 2008 entre Daon et Angers est maintenant quasiment am\u00e9nag\u00e9 tout du long. Il reste encore 2 ou 3 irr\u00e9ductibles qui se sont attribu\u00e9 les rives de la rivi\u00e8re, qui en emp\u00eachent le passage et obligent \u00e0 quelques d\u00e9tours.<\/p>\n<h6 style=\"text-align: left;\"><img loading=\"lazy\" decoding=\"async\" class=\"alignleft wp-image-406\" src=\"http:\/\/www.velocanauxdodo.fr\/wp-content\/uploads\/oui.gif\" alt=\"OUI, allez-y!\" width=\"48\" height=\"48\">Nuit \u00e0 l&rsquo;Ibis d&rsquo;Angers.<\/h6>\n<p>Non loin du circuit, pr\u00e8s du chateau. Sans surprise. V\u00e9los dans la salle de r\u00e9union.<\/p>\n<div id=\"attachment_6011\" style=\"width: 310px\" class=\"wp-caption alignright\"><img loading=\"lazy\" decoding=\"async\" aria-describedby=\"caption-attachment-6011\" class=\"size-medium wp-image-6011\" src=\"http:\/\/www.velocanauxdodo.fr\/wp-content\/uploads\/20170520_112706-DSC03192-800x533-300x200.jpg\" alt=\"\" width=\"300\" height=\"200\" srcset=\"http:\/\/www.velocanauxdodo.fr\/wp-content\/uploads\/20170520_112706-DSC03192-800x533-300x200.jpg 300w, http:\/\/www.velocanauxdodo.fr\/wp-content\/uploads\/20170520_112706-DSC03192-800x533-768x512.jpg 768w, http:\/\/www.velocanauxdodo.fr\/wp-content\/uploads\/20170520_112706-DSC03192-800x533-150x100.jpg 150w, http:\/\/www.velocanauxdodo.fr\/wp-content\/uploads\/20170520_112706-DSC03192-800x533-400x267.jpg 400w, http:\/\/www.velocanauxdodo.fr\/wp-content\/uploads\/20170520_112706-DSC03192-800x533.jpg 800w\" sizes=\"auto, (max-width: 300px) 100vw, 300px\" \/><p id=\"caption-attachment-6011\" class=\"wp-caption-text\">Belles fleurs<\/p><\/div>\n<h3 style=\"text-align: left;\">Angers&nbsp;\u2192&nbsp;Saint-Cyr-en-Bourg (&nbsp;74 km)<\/h3>\n<p><a id=\"thouet\"><\/a>Belle voie le long de la Maine jusqu&rsquo;\u00e0 Bouchemaine o\u00f9 on retrouve \u00ab\u00a0<a href=\"http:\/\/www.velocanauxdodo.fr\/?page_id=32\">La Loire \u00e0 v\u00e9lo<\/a>\u00ab\u00a0. Bords de Loire superbes et tout fleuris sous un beau soleil. Route tranquille sur la lev\u00e9e de la Belle Poule puis route partag\u00e9e zigzagante jusqu&rsquo;\u00e0 Saumur. Visite de caves, travers\u00e9e de la ville et en route le long du Thouet jusqu&rsquo;\u00e0 St Cyr.<\/p>\n<h6 style=\"text-align: left;\"><img loading=\"lazy\" decoding=\"async\" class=\"alignleft wp-image-406\" src=\"http:\/\/www.velocanauxdodo.fr\/wp-content\/uploads\/oui.gif\" alt=\"OUI, allez-y!\" width=\"48\" height=\"48\">Nuit \u00e0 St Cyr \u00e0 la chambre d&rsquo;h\u00f4tes \u00ab\u00a0<a href=\"https:\/\/www.anjou-tourisme.com\/fr\/diffusio\/locations-vacances\/la-mere-michelle-saint-cyr-en-bourg_TFOHLOMZSMEREMICHELLE\" target=\"_blank\" rel=\"noopener noreferrer\">La M\u00e8re Michelle<\/a>\u00ab\u00a0<\/h6>\n<p>A 5 km de l&rsquo;itin\u00e9raire par de petites routes. Mais \u00e7a grimpe! Bon accueil. Petit d\u00e9jeuner \u00e9colo-local.<\/p>\n<p>&nbsp;<\/p>\n<div id=\"attachment_6013\" style=\"width: 310px\" class=\"wp-caption alignright\"><img loading=\"lazy\" decoding=\"async\" aria-describedby=\"caption-attachment-6013\" class=\"wp-image-6013 size-medium\" src=\"http:\/\/www.velocanauxdodo.fr\/wp-content\/uploads\/20170521_140926-DSC03249-800x533-300x200.jpg\" alt=\"\" width=\"300\" height=\"200\" srcset=\"http:\/\/www.velocanauxdodo.fr\/wp-content\/uploads\/20170521_140926-DSC03249-800x533-300x200.jpg 300w, http:\/\/www.velocanauxdodo.fr\/wp-content\/uploads\/20170521_140926-DSC03249-800x533-768x512.jpg 768w, http:\/\/www.velocanauxdodo.fr\/wp-content\/uploads\/20170521_140926-DSC03249-800x533-150x100.jpg 150w, http:\/\/www.velocanauxdodo.fr\/wp-content\/uploads\/20170521_140926-DSC03249-800x533-400x267.jpg 400w, http:\/\/www.velocanauxdodo.fr\/wp-content\/uploads\/20170521_140926-DSC03249-800x533.jpg 800w\" sizes=\"auto, (max-width: 300px) 100vw, 300px\" \/><p id=\"caption-attachment-6013\" class=\"wp-caption-text\">C&rsquo;est pas moi qui le dit!<\/p><\/div>\n<h3 style=\"text-align: left;\">Saint&nbsp;Cyr &nbsp;\u2192 Airvault (&nbsp;72 km)<\/h3>\n<p>Itin\u00e9raire exclusivement sur routes partag\u00e9es et chemins agricoles. De beaux passages le long du Thouet (ponts m\u00e9di\u00e9vaux, moulins&#8230;)et la d\u00e9couverte du patrimoine (Montreuil-Bellay, Thouars) en font une \u00e9tape agr\u00e9able si ce n&rsquo;\u00e9taient les c\u00f4tes! 600 m de d\u00e9nivel\u00e9 cumul\u00e9.<\/p>\n<p>[popup_trigger id=\u00a0\u00bbprofil1&Prime;] <span style=\"color: #0000ff;\">cliquer pour le profil <\/span>[\/popup_trigger]<\/p>\n<p>C&rsquo;est dimanche, tout est ferm\u00e9 et on n&rsquo;a rien pour le soir. Mais nous trouvons des cerises sur le bord de la route et une r\u00e9sidente anglaise nous d\u00e9panne de quelques \u0153ufs de ses poules et d&rsquo;un paquet de p\u00e2tes. Sauv\u00e9s!<\/p>\n<h6>N<img loading=\"lazy\" decoding=\"async\" class=\"alignleft wp-image-308 \" src=\"http:\/\/www.velocanauxdodo.fr\/wp-content\/uploads\/coeur_022.gif\" alt=\"\" width=\"51\" height=\"51\">uit \u00e0 Airvault \u00e0 la chambre d&rsquo;h\u00f4tes \u00ab\u00a0<a href=\"http:\/\/www.lagrandejariette.sitew.fr\/#Accueil.A\" target=\"_blank\" rel=\"noopener noreferrer\">La grande Jariette<\/a>\u00ab\u00a0<\/h6>\n<p>A Barroux, \u00e0 3 km de l&rsquo;itin\u00e9raire et en dehors d&rsquo;Airvault. Tr\u00e8s bon accueil et belle chambre dans une ancienne b\u00e2tisse. Piscine et cuisine disponible.<\/p>\n<h3 style=\"text-align: left;\">Airvault \u2192&nbsp; Saint-Marc-la-Lande (67 km)<\/h3>\n<p>Petit d\u00e9jeuner royal \u00e0 la Jariette avec fraises du jardin et gateaux maisons.<\/p>\n<p>De beaux sites, ponts, moulins, p\u00eacheurs&#8230; quand on croise le Thouet entre 2 c\u00f4tes ; 800m de d\u00e9nivel\u00e9 cumul\u00e9.<\/p>\n<p>[popup_trigger id=\u00a0\u00bbprofil2&Prime;] <span style=\"color: #0000ff;\">cliquer pour le profil <\/span>[\/popup_trigger]<\/p>\n<p>Pas d&rsquo;am\u00e9nagement cyclable, \u00e9tape enti\u00e8rement sur route. Pas de commerce avant Parthenay.<\/p>\n<div id=\"attachment_6122\" style=\"width: 810px\" class=\"wp-caption aligncenter\"><img loading=\"lazy\" decoding=\"async\" aria-describedby=\"caption-attachment-6122\" class=\"size-full wp-image-6122\" src=\"http:\/\/www.velocanauxdodo.fr\/wp-content\/uploads\/20170522_110144-DSC03294-800x330-1.jpg\" alt=\"\" width=\"800\" height=\"330\" srcset=\"http:\/\/www.velocanauxdodo.fr\/wp-content\/uploads\/20170522_110144-DSC03294-800x330-1.jpg 800w, http:\/\/www.velocanauxdodo.fr\/wp-content\/uploads\/20170522_110144-DSC03294-800x330-1-300x124.jpg 300w, http:\/\/www.velocanauxdodo.fr\/wp-content\/uploads\/20170522_110144-DSC03294-800x330-1-768x317.jpg 768w, http:\/\/www.velocanauxdodo.fr\/wp-content\/uploads\/20170522_110144-DSC03294-800x330-1-150x62.jpg 150w, http:\/\/www.velocanauxdodo.fr\/wp-content\/uploads\/20170522_110144-DSC03294-800x330-1-400x165.jpg 400w\" sizes=\"auto, (max-width: 800px) 100vw, 800px\" \/><p id=\"caption-attachment-6122\" class=\"wp-caption-text\">Pont m\u00e9di\u00e9val de Goug\u00e9<\/p><\/div>\n<h6 style=\"text-align: left;\"><img loading=\"lazy\" decoding=\"async\" class=\"alignleft wp-image-406\" src=\"http:\/\/www.velocanauxdodo.fr\/wp-content\/uploads\/oui.gif\" alt=\"OUI, allez-y!\" width=\"48\" height=\"48\">Nuit \u00e0 St Marc au g\u00eete d&rsquo;\u00e9tape communal \u00ab\u00a0<a href=\"http:\/\/www.saint-marc-la-lande.fr\/stmarc\/relaistour\" target=\"_blank\" rel=\"noopener noreferrer\">le relais de la tour<\/a>\u00ab\u00a0<\/h6>\n<p>En plein village plusieurs chambres r\u00e9nov\u00e9es dans le bel ensemble de la &nbsp;commanderie. salle commune, cuisine am\u00e9nag\u00e9e. Draps fournis.<\/p>\n<div id=\"attachment_6016\" style=\"width: 310px\" class=\"wp-caption alignright\"><img loading=\"lazy\" decoding=\"async\" aria-describedby=\"caption-attachment-6016\" class=\"size-medium wp-image-6016\" src=\"http:\/\/www.velocanauxdodo.fr\/wp-content\/uploads\/20170523_144958-DSC03361-800x533-300x200.jpg\" alt=\"\" width=\"300\" height=\"200\" srcset=\"http:\/\/www.velocanauxdodo.fr\/wp-content\/uploads\/20170523_144958-DSC03361-800x533-300x200.jpg 300w, http:\/\/www.velocanauxdodo.fr\/wp-content\/uploads\/20170523_144958-DSC03361-800x533-768x512.jpg 768w, http:\/\/www.velocanauxdodo.fr\/wp-content\/uploads\/20170523_144958-DSC03361-800x533-150x100.jpg 150w, http:\/\/www.velocanauxdodo.fr\/wp-content\/uploads\/20170523_144958-DSC03361-800x533-400x267.jpg 400w, http:\/\/www.velocanauxdodo.fr\/wp-content\/uploads\/20170523_144958-DSC03361-800x533.jpg 800w\" sizes=\"auto, (max-width: 300px) 100vw, 300px\" \/><p id=\"caption-attachment-6016\" class=\"wp-caption-text\">Dans la Venise Verte<\/p><\/div>\n<h3 style=\"text-align: left;\">Saint-Marc \u2192&nbsp;&nbsp;Air\u00e7ais ( 65 km)<\/h3>\n<p>Ca descend jusqu&rsquo;\u00e0 Niort mais encore avec un profil de montagnes russes et un d\u00e9nivel\u00e9 positif cumul\u00e9 de 500m!<\/p>\n<p>. Commerces \u00e0 Champdeniers. On atteint la S\u00e8vres Niortaise (que l&rsquo;on va suivre jusqu&rsquo;\u00e0 Marans) &nbsp;pr\u00e8s du chateau de la Coudray-Salbert. Travers\u00e9 de Niort puis itin\u00e9raire en partie am\u00e9nag\u00e9 le long de la rivi\u00e8re et dans la Venise Verte du marais Poitevin jusqu&rsquo;\u00e0 Air\u00e7ais.<\/p>\n<h6 style=\"text-align: left;\"><img loading=\"lazy\" decoding=\"async\" class=\"alignleft wp-image-406\" src=\"http:\/\/www.velocanauxdodo.fr\/wp-content\/uploads\/oui.gif\" alt=\"OUI, allez-y!\" width=\"48\" height=\"48\">Nuit \u00e0 Air\u00e7ais \u00e0 la chambre d&rsquo;h\u00f4tes de \u00ab\u00a0<a href=\"http:\/\/www.niortmaraispoitevin.com\/preparez-votre-sejour\/se-loger\/chambres-dhotes\/108786-leyssene-jean\" target=\"_blank\" rel=\"noopener noreferrer\">Mr Leysenne<\/a>\u00ab\u00a0<\/h6>\n<p>En plein village , Jean Leysenne, 85 ans, ancien maire du village propose plusieurs chambre dans sa maison. Super accueil, chambre simple mais prix imbattable. Cuisine disponible. Commerces et restaurants sur place.<\/p>\n<div id=\"attachment_6017\" style=\"width: 310px\" class=\"wp-caption alignright\"><img loading=\"lazy\" decoding=\"async\" aria-describedby=\"caption-attachment-6017\" class=\"size-medium wp-image-6017\" src=\"http:\/\/www.velocanauxdodo.fr\/wp-content\/uploads\/20170525_093317-DSC03404-800x533-300x200.jpg\" alt=\"\" width=\"300\" height=\"200\" srcset=\"http:\/\/www.velocanauxdodo.fr\/wp-content\/uploads\/20170525_093317-DSC03404-800x533-300x200.jpg 300w, http:\/\/www.velocanauxdodo.fr\/wp-content\/uploads\/20170525_093317-DSC03404-800x533-768x512.jpg 768w, http:\/\/www.velocanauxdodo.fr\/wp-content\/uploads\/20170525_093317-DSC03404-800x533-150x100.jpg 150w, http:\/\/www.velocanauxdodo.fr\/wp-content\/uploads\/20170525_093317-DSC03404-800x533-400x267.jpg 400w, http:\/\/www.velocanauxdodo.fr\/wp-content\/uploads\/20170525_093317-DSC03404-800x533.jpg 800w\" sizes=\"auto, (max-width: 300px) 100vw, 300px\" \/><p id=\"caption-attachment-6017\" class=\"wp-caption-text\">Les tours de La Rochelle<\/p><\/div>\n<h3 style=\"text-align: left;\">Air\u00e7ais \u2192&nbsp;&nbsp;La Rochelle&nbsp;(&nbsp;59 km)<\/h3>\n<p>Petit tour en barque dans le marais guid\u00e9 par B\u00e9bert, un autre jeune homme de 70 ans encore vaillant pour manier la rame et la perche! Le marais conserve.<\/p>\n<p>Parcours plat (on est d\u00e9j\u00e0 en manque de c\u00f4tes!) et assez monotone jusqu&rsquo;\u00e0 Marans puis voie verte le long du canal de Marans jusqu&rsquo;\u00e0 La Rochelle. NB: La voie am\u00e9nag\u00e9e surplombe le canal, magnifique mais que l&rsquo;on ne voit pas! En 2012 pour la <a href=\"http:\/\/www.velocanauxdodo.fr\/?page_id=2231\">m\u00eame \u00e9tape<\/a> et alors que les am\u00e9nagements n&rsquo;\u00e9taient pas termin\u00e9s, nous avions pris le halage, plus rustique mais tellement plus beau!<\/p>\n<h6 style=\"text-align: left;\">&nbsp;<img loading=\"lazy\" decoding=\"async\" class=\"alignleft wp-image-406\" src=\"http:\/\/www.velocanauxdodo.fr\/wp-content\/uploads\/oui.gif\" alt=\"OUI, allez-y!\" width=\"48\" height=\"48\">Nuit \u00e0 l&rsquo;Ibis \u00ab\u00a0<a href=\"http:\/\/www.ibis.com\/fr\/hotel-1424-ibis-la-rochelle-centre-historique\/index.shtml\" target=\"_blank\" rel=\"noopener noreferrer\">vieille ville<\/a>\u00a0\u00bb de la Rochelle.<\/h6>\n<p>Au centre, pr\u00e8s du port. Sans surprise. V\u00e9los<\/p>\n<h3>La Rochelle \u2192 Boyardville<\/h3>\n<div id=\"attachment_6125\" style=\"width: 310px\" class=\"wp-caption alignleft\"><img loading=\"lazy\" decoding=\"async\" aria-describedby=\"caption-attachment-6125\" class=\"size-medium wp-image-6125\" src=\"http:\/\/www.velocanauxdodo.fr\/wp-content\/uploads\/20170530_102635-DSC03563-800x533-300x200.jpg\" alt=\"\" width=\"300\" height=\"200\" srcset=\"http:\/\/www.velocanauxdodo.fr\/wp-content\/uploads\/20170530_102635-DSC03563-800x533-300x200.jpg 300w, http:\/\/www.velocanauxdodo.fr\/wp-content\/uploads\/20170530_102635-DSC03563-800x533-768x512.jpg 768w, http:\/\/www.velocanauxdodo.fr\/wp-content\/uploads\/20170530_102635-DSC03563-800x533-150x100.jpg 150w, http:\/\/www.velocanauxdodo.fr\/wp-content\/uploads\/20170530_102635-DSC03563-800x533-400x267.jpg 400w, http:\/\/www.velocanauxdodo.fr\/wp-content\/uploads\/20170530_102635-DSC03563-800x533.jpg 800w\" sizes=\"auto, (max-width: 300px) 100vw, 300px\" \/><p id=\"caption-attachment-6125\" class=\"wp-caption-text\">Chargement des v\u00e9los sur le bateau<\/p><\/div>\n<p>Apr\u00e8s l&rsquo;effort&#8230;.. 5 jours \u00e0 Ol\u00e9ron pour se remettre et un itin\u00e9raire 100% plat, par la mer!<\/p>\n<p>La compagnie maritime <a href=\"http:\/\/oleron-larochelle.com\/\" target=\"_blank\" rel=\"noopener noreferrer\">Ol\u00e9ron-La Rochelle<\/a>&nbsp;propose 2 rotations journali\u00e8res en saison (un peu moins en dehors) en 50 mn avec prise en charge des v\u00e9los (jusqu&rsquo;\u00e0 12). L&rsquo;occasion d&rsquo;un s\u00e9jour dans l&rsquo;ile ou une variante \u00e0 la V\u00e9lodyss\u00e9e.<\/p>\n<p>&nbsp;<\/p>\n<h3>Retour<\/h3>\n<p>Travers\u00e9e retour de Boyardville \u00e0 La Rochelle sur une mer d&rsquo;huile ensoleill\u00e9e. 1 petit km pour arriver \u00e0 la gare ou le TGV (Lacroix*) nous attend sur le premier quai et de plein pied! Trajet sans encombre jusqu&rsquo;\u00e0 Paris Montparnasse (1 seul escalator pour sortir) puis coul\u00e9e verte jusqu&rsquo;\u00e0 la maison. Parfois, \u00e7a marche bien!<\/p>\n<p><span style=\"color: #ff0000;\">(*) amis cyclistes attention! avec la nouvelle ligne LGV ouest, les Lacroix vont \u00eatre remplac\u00e9 par les nouvelle rames Oc\u00e9anes!<\/span><\/p>\n<h2 style=\"text-align: left;\">Le parcours<\/h2>\n<p>Ci-dessous la trace du parcours.<\/p>\n<p><center>[map kml=\u00a0\u00bbhttp:\/\/www.velocanauxdodo.fr\/wp-content\/gpstraces\/velofrancette.kml\u00a0\u00bb style=\u00a0\u00bbwidth:450px; height:1000px; border:2px solid black; margin:20px 20px 20px 20px;\u00a0\u00bb z=\u00a0\u00bb20&Prime;; maptype=\u00a0\u00bbhybrid\u00a0\u00bb; elevation=\u00a0\u00bbyes\u00a0\u00bb;download=\u00a0\u00bbyes\u00a0\u00bb]<\/center><br \/>\nLes traces GPS sont disponibles dans le menu <a href=\"\/?page_id=262\">t\u00e9l\u00e9chargements<\/a><\/p>\n<h2><!-- <a href=\"http:\/\/www.velocanauxdodo.fr\/wp-content\/gpstraces\/saone.gpx\"> Lyon-Chalon [gpxview=all;width=500; height=800;ngg_gallery=49]<\/a>\n-->La documentation:<\/h2>\n<p><div class=\"note\"><div class=\"noteclassic\"><\/p>\n<p>Le guide \u00ab\u00a0La V\u00e9lo Francette\u00a0\u00bb aux \u00e9ditions \u00ab\u00a0Ouest-France\u00a0\u00bb. Une premi\u00e8re \u00e9dition qui ne mentionne pas les difficult\u00e9s du parcours et qui commence par ces mots malheureux: \u00ab\u00a0Accessible \u00e0 tous&#8230;&#8230;.\u00a0\u00bb<\/p>\n<p>Site <a href=\"https:\/\/www.lavelofrancette.com\/\" target=\"_blank\" rel=\"noopener noreferrer\">V\u00e9lo Francette<\/a><\/p>\n<p><\/div><\/div><\/p>\n<\/p>\n<h2 style=\"text-align: left;\">Photos<\/h2>\n<p style=\"text-align: left;\">ngg_shortcode_0_placeholder<\/p>\n<p style=\"text-align: left;\">\n<p style=\"text-align: right;\"><a href=\"http:\/\/www.velocanauxdodo.fr\/?page_id=5988&amp;print=1\" title=\"Imprimer cet article\" rel=\"nofollow\"><img decoding=\"async\" class=\"WP-PrintIcon\" src=\"http:\/\/www.velocanauxdodo.fr\/wp-content\/plugins\/wp-print\/images\/print.gif\" alt=\"Imprimer cet article\" title=\"Imprimer cet article\" style=\"border: 0px;\" \/><\/a>&nbsp;<a href=\"http:\/\/www.velocanauxdodo.fr\/?page_id=5988&amp;print=1\" title=\"Imprimer cet article\" rel=\"nofollow\">Imprimer cet article<\/a><\/p>\n","protected":false},"excerpt":{"rendered":"<p style=\"text-align: right;\">&nbsp;Imprimer cet article<\/p>\n<p> La V\u00e9lo Francette, V43 dans le sch\u00e9ma directeur des v\u00e9loroutes fran\u00e7aises a \u00e9t\u00e9 lanc\u00e9e en 2015. Elle a re\u00e7u en 2017 le label de \u00ab meilleure v\u00e9loroute europ\u00e9enne de l&rsquo;ann\u00e9e\u00ab ! C&rsquo;est, \u00e0 mon avis, et apr\u00e8s l&rsquo;avoir faite, un titre usurp\u00e9. D&rsquo;abord par sa jeunesse: beaucoup trop de tron\u00e7ons [&#8230;]<\/p>\n","protected":false},"author":1,"featured_media":0,"parent":1251,"menu_order":0,"comment_status":"closed","ping_status":"closed","template":"","meta":{"ngg_post_thumbnail":0,"footnotes":""},"class_list":["post-5988","page","type-page","status-publish","hentry","odd"],"_links":{"self":[{"href":"http:\/\/www.velocanauxdodo.fr\/index.php?rest_route=\/wp\/v2\/pages\/5988","targetHints":{"allow":["GET"]}}],"collection":[{"href":"http:\/\/www.velocanauxdodo.fr\/index.php?rest_route=\/wp\/v2\/pages"}],"about":[{"href":"http:\/\/www.velocanauxdodo.fr\/index.php?rest_route=\/wp\/v2\/types\/page"}],"author":[{"embeddable":true,"href":"http:\/\/www.velocanauxdodo.fr\/index.php?rest_route=\/wp\/v2\/users\/1"}],"replies":[{"embeddable":true,"href":"http:\/\/www.velocanauxdodo.fr\/index.php?rest_route=%2Fwp%2Fv2%2Fcomments&post=5988"}],"version-history":[{"count":37,"href":"http:\/\/www.velocanauxdodo.fr\/index.php?rest_route=\/wp\/v2\/pages\/5988\/revisions"}],"predecessor-version":[{"id":7575,"href":"http:\/\/www.velocanauxdodo.fr\/index.php?rest_route=\/wp\/v2\/pages\/5988\/revisions\/7575"}],"up":[{"embeddable":true,"href":"http:\/\/www.velocanauxdodo.fr\/index.php?rest_route=\/wp\/v2\/pages\/1251"}],"wp:attachment":[{"href":"http:\/\/www.velocanauxdodo.fr\/index.php?rest_route=%2Fwp%2Fv2%2Fmedia&parent=5988"}],"curies":[{"name":"wp","href":"https:\/\/api.w.org\/{rel}","templated":true}]}}