{"id":7808,"date":"2023-10-10T14:07:15","date_gmt":"2023-10-10T13:07:15","guid":{"rendered":"http:\/\/www.velocanauxdodo.fr\/?page_id=7808"},"modified":"2023-10-20T06:26:26","modified_gmt":"2023-10-20T05:26:26","slug":"tour-de-creuse","status":"publish","type":"page","link":"http:\/\/www.velocanauxdodo.fr\/?page_id=7808","title":{"rendered":"Tour de Creuse"},"content":{"rendered":"<p style=\"text-align: right;\"><a href=\"http:\/\/www.velocanauxdodo.fr\/?page_id=7808&amp;print=1\" title=\"Imprimer cet article\" rel=\"nofollow\"><img decoding=\"async\" class=\"WP-PrintIcon\" src=\"http:\/\/www.velocanauxdodo.fr\/wp-content\/plugins\/wp-print\/images\/print.gif\" alt=\"Imprimer cet article\" title=\"Imprimer cet article\" style=\"border: 0px;\" \/><\/a>&nbsp;<a href=\"http:\/\/www.velocanauxdodo.fr\/?page_id=7808&amp;print=1\" title=\"Imprimer cet article\" rel=\"nofollow\">Imprimer cet article<\/a><\/p>\n<h5>Du 10 au 15 ao\u00fbt 2022, apr\u00e8s quelques jours chez une vieille cousine en Limousin, sur la route du retour, nous abandonnons \u00ab\u00a0Boubacar\u00a0\u00bb (c&rsquo;est notre fourgon am\u00e9nag\u00e9) \u00e0 Ch\u00e2telus-Le-Marcheix sur l&rsquo;itin\u00e9raire cyclable \u00ab\u00a0Tour de Creuse\u00a0\u00bb concoct\u00e9 par l&rsquo;Office du Tourisme de Creuse. Une fois n&rsquo;est pas coutume, nous savons que le parcours se fait sur route et est loin d&rsquo;\u00eatre plat mais comme nous sommes \u00e9lectrifi\u00e9s&#8230; H\u00e9 h\u00e9 h\u00e9!<\/h5>\n<p><img loading=\"lazy\" decoding=\"async\" class=\"wp-image-7986 alignright\" src=\"http:\/\/www.velocanauxdodo.fr\/wp-content\/uploads\/creuse-v\u00e9lo-300x168.jpg\" alt=\"\" width=\"291\" height=\"163\" srcset=\"http:\/\/www.velocanauxdodo.fr\/wp-content\/uploads\/creuse-v\u00e9lo-300x168.jpg 300w, http:\/\/www.velocanauxdodo.fr\/wp-content\/uploads\/creuse-v\u00e9lo-150x84.jpg 150w, http:\/\/www.velocanauxdodo.fr\/wp-content\/uploads\/creuse-v\u00e9lo-400x224.jpg 400w, http:\/\/www.velocanauxdodo.fr\/wp-content\/uploads\/creuse-v\u00e9lo.jpg 474w\" sizes=\"auto, (max-width: 291px) 100vw, 291px\" \/><\/p>\n<h2>Itin\u00e9raire pr\u00e9vu<\/h2>\n<p>Tour de Creuse au d\u00e9part et retour Ch\u00e2telus-le-Marcheix, \u00e9tapes \u00e0 La Souterraine, La Celle Dunoise, Chambon-sur-Voueize, Felletin et Lac de Lavaud.<\/p>\n<p>&nbsp;<\/p>\n<p>&nbsp;<\/p>\n<h2>&nbsp;Les \u00e9tapes<\/h2>\n<h3>10 ao\u00fbt: Ch\u00e2telus \u2192 La Souterraine (49 km)<\/h3>\n<div id=\"attachment_7929\" style=\"width: 410px\" class=\"wp-caption alignright\"><img loading=\"lazy\" decoding=\"async\" aria-describedby=\"caption-attachment-7929\" class=\"wp-image-7929\" src=\"http:\/\/www.velocanauxdodo.fr\/wp-content\/uploads\/20220810_094910-DSC03021-1024x576.jpg\" alt=\"\" width=\"400\" height=\"225\" srcset=\"http:\/\/www.velocanauxdodo.fr\/wp-content\/uploads\/20220810_094910-DSC03021-1024x576.jpg 1024w, http:\/\/www.velocanauxdodo.fr\/wp-content\/uploads\/20220810_094910-DSC03021-1024x576-300x169.jpg 300w, http:\/\/www.velocanauxdodo.fr\/wp-content\/uploads\/20220810_094910-DSC03021-1024x576-768x432.jpg 768w, http:\/\/www.velocanauxdodo.fr\/wp-content\/uploads\/20220810_094910-DSC03021-1024x576-150x84.jpg 150w, http:\/\/www.velocanauxdodo.fr\/wp-content\/uploads\/20220810_094910-DSC03021-1024x576-400x225.jpg 400w\" sizes=\"auto, (max-width: 400px) 100vw, 400px\" \/><p id=\"caption-attachment-7929\" class=\"wp-caption-text\">Fontaine \u00e0 la sortie de Ch\u00e2telus<\/p><\/div>\n<p>D\u00e9part 9H50. Premi\u00e8re belle c\u00f4te pour quitter le village. Il fait chaud mais supportable. Ca monte et \u00e7a descend tout le temps. Arr\u00eat \u00e0 B\u00e9n\u00e9vent l&rsquo;Abbaye. visite de l&rsquo;abbaye, de l&rsquo;office de tourisme et achat nourriture. Arr\u00eat au Grand-Bourg et recherche de l&rsquo;aire de piquenique que l&rsquo;on fini par trouver en bordure de la Gartempe avec vue sur les truites. Sieste, toilette, eau et en route en plein soleil tr\u00e8s, tr\u00e8s chaud!. Arriv\u00e9e \u00e0 la Souterraine vers 16H, au MacDo pour fraicheur (clim!) eau fra\u00eeche et glace. Installation \u00e0 l&rsquo;hotel Jinjaud. Petit tour en ville: \u00e9glise, crypte et porte St Jean. Sur la place, les producteurs locaux pr\u00e9parent leurs stands et des repas \u00e0 consommer sur place en musique dans la soir\u00e9e. Passage \u00e0 l&rsquo;h\u00f4tel pour se pr\u00e9parer et en route pour la fiesta place du march\u00e9: ros\u00e9, tartes \u00e0 la courgette, saucisses de veau frites&#8230;.. Retour h\u00f4tel 20H30. IL fait CHAUD!<\/p>\n<p style=\"text-align: left;\"><img loading=\"lazy\" decoding=\"async\" class=\"alignleft size-full wp-image-406\" src=\"http:\/\/www.velocanauxdodo.fr\/wp-content\/uploads\/oui.gif\" alt=\"\" width=\"48\" height=\"32\"><\/p>\n<p>Nuit \u00e0 l&rsquo;h\u00f4tel Jinjaud. Le restaurant ne fonctionne pas faute de cuisinier (heureusement qu&rsquo;il y a la foire!)<\/p>\n<p>&nbsp;<\/p>\n<h3 style=\"text-align: left;\">11 ao\u00fbt: La Souterraine \u2192 La Celle Dunoise (54 km)<\/h3>\n<p style=\"text-align: left;\">Petit d\u00e9j sur la terrasse de l&rsquo;h\u00f4tel au frais et d\u00e9part 8H30. Il fait encore bon!<\/p>\n<div id=\"attachment_7930\" style=\"width: 410px\" class=\"wp-caption alignleft\"><img loading=\"lazy\" decoding=\"async\" aria-describedby=\"caption-attachment-7930\" class=\"wp-image-7930\" src=\"http:\/\/www.velocanauxdodo.fr\/wp-content\/uploads\/20220811_110426.jpg\" alt=\"\" width=\"400\" height=\"225\" srcset=\"http:\/\/www.velocanauxdodo.fr\/wp-content\/uploads\/20220811_110426.jpg 4032w, http:\/\/www.velocanauxdodo.fr\/wp-content\/uploads\/20220811_110426-300x169.jpg 300w, http:\/\/www.velocanauxdodo.fr\/wp-content\/uploads\/20220811_110426-768x432.jpg 768w, http:\/\/www.velocanauxdodo.fr\/wp-content\/uploads\/20220811_110426-1024x576.jpg 1024w, http:\/\/www.velocanauxdodo.fr\/wp-content\/uploads\/20220811_110426-150x84.jpg 150w, http:\/\/www.velocanauxdodo.fr\/wp-content\/uploads\/20220811_110426-400x225.jpg 400w\" sizes=\"auto, (max-width: 400px) 100vw, 400px\" \/><p id=\"caption-attachment-7930\" class=\"wp-caption-text\">Crozant; C&rsquo;est la f\u00eate!<\/p><\/div>\n<p>Vallonn\u00e9 mais globalement en descente jusqu&rsquo;\u00e0 Crozant o\u00f9 c&rsquo;est aussi la f\u00eate! La f\u00eate m\u00e9di\u00e9vale avec musique d&rsquo;\u00e9poque, habitants costum\u00e9s et artisans moyen\u00e2geux. Visite du petit mus\u00e9e install\u00e9 dans les restes de l&rsquo;h\u00f4tel L\u00e9pinat. Quelques achats \u00e0 la petite \u00e9picerie du village. En route vers Fresselines o\u00f9 nous piqueniquons dans un petit square bien ombrag\u00e9. Puis au village pour caf\u00e9! attendu! rien! visite de l&rsquo;\u00e9glise et de son bas relief \u00ab\u00a0en creux\u00a0\u00bb sign\u00e9 Rodin. Route chaude jusqu&rsquo;\u00e0 la Celle-Dunoise. Installation dans la chambre d&rsquo;h\u00f4tes. Discussion avec les propri\u00e9taires, anti-cyclistes et randonneurs qu&rsquo;ils trouvent trop exigeants!! c\u00e0d trop matinaux! (voir plus loin) s\u00fbrement. Diner dans la cuisine attenante \u00e0 la chambre. La chambre est toujours fra\u00eeche: dodo.<\/p>\n<p><img loading=\"lazy\" decoding=\"async\" class=\"size-full wp-image-424 alignleft\" src=\"http:\/\/www.velocanauxdodo.fr\/wp-content\/uploads\/non.gif\" alt=\"\" width=\"50\" height=\"25\"><\/p>\n<p>Nuit \u00e0 l&rsquo;\u00e9cole Buissonni\u00e8re ; chambre sympa ET fra\u00eeche avec cuisine \u00e0 disposition mais pas de Petit d\u00e9j avant 8H! ET nous qui voulions partir t\u00f4t \u00e0 cause de la canicule. Patronne mal lun\u00e9e.&nbsp;<\/p>\n<p>&nbsp;<\/p>\n<h3>12 ao\u00fbt: La Celle Dunoise \u2192 Chambon-sur-Voueize (72 km)<\/h3>\n<div id=\"attachment_7939\" style=\"width: 287px\" class=\"wp-caption alignright\"><img loading=\"lazy\" decoding=\"async\" aria-describedby=\"caption-attachment-7939\" class=\"wp-image-7939 size-medium\" src=\"http:\/\/www.velocanauxdodo.fr\/wp-content\/uploads\/20220812_090031-DSC03051-947x1024-277x300.jpg\" alt=\"\" width=\"277\" height=\"300\" srcset=\"http:\/\/www.velocanauxdodo.fr\/wp-content\/uploads\/20220812_090031-DSC03051-947x1024-277x300.jpg 277w, http:\/\/www.velocanauxdodo.fr\/wp-content\/uploads\/20220812_090031-DSC03051-947x1024-768x830.jpg 768w, http:\/\/www.velocanauxdodo.fr\/wp-content\/uploads\/20220812_090031-DSC03051-947x1024.jpg 947w, http:\/\/www.velocanauxdodo.fr\/wp-content\/uploads\/20220812_090031-DSC03051-947x1024-139x150.jpg 139w, http:\/\/www.velocanauxdodo.fr\/wp-content\/uploads\/20220812_090031-DSC03051-947x1024-400x433.jpg 400w\" sizes=\"auto, (max-width: 277px) 100vw, 277px\" \/><p id=\"caption-attachment-7939\" class=\"wp-caption-text\">Eglise fortifi\u00e9e de Bonat<\/p><\/div>\n<p>R\u00e9veil 6H30. Petit d\u00e9j dans la cuisine. La proprio a quand m\u00eame pr\u00e9par\u00e9 caf\u00e9, beurre, jus, compote, pain dur et part de creusois. C&rsquo;\u00e9tait bien la peine de faire du foin! D\u00e9part 7H45 et dernier sourire de la proprio!! Direction Bourg d&rsquo;Hem de l&rsquo;autre c\u00f4t\u00e9 de la vall\u00e9e, donc belle descente suivie d&rsquo;une rude c\u00f4te&nbsp; gaillard\u00e9lectriquement&nbsp; mont\u00e9e. Puis Bonat et son \u00e9glise fortifi\u00e9e o\u00f9 nous faisons quelques courses \u00e0 l&rsquo;Intermarch\u00e9. On passe \u00e0 Ch\u00e2telus-Malvaleix puis \u00e0 Clugnat. L&rsquo;itin\u00e9raire officiel se dirige ensuite vers Boussac puis Toulx-Sainte-Croix. Vu la temp\u00e9rature et les d\u00e9nivel\u00e9s, une coupe s&rsquo;impose et nous nous dirigeons au plus court vers Toulx (nous nous rendrons dans ces deux villes en fin de rando).&nbsp; Piquenique dans une r\u00e9serve de p\u00eache pr\u00e8s de Trois-fonds. Grande table et chaises, tr\u00e8s \u00e0 l&rsquo;ombre et bien frais. Sieste sur la table. Merci les p\u00eacheurs. Apr\u00e8s midi tr\u00e8s tr\u00e8s chaude. Route difficile car presque plus de batterie pour Madame. Grand seigneur, je fais la locomotive mais c&rsquo;est dur dur! Arriv\u00e9e \u00e0 Chambon vers 16H avec batterie quasi \u00e0 plat. A l&rsquo;auberge, un petit verre dans la cour et choix de la chambre (nous sommes les seuls clients!) Tour rapide de la ville car il fait TROP CHAUD. Douche et diner en compagnie de la patronne tr\u00e8s bavarde. Elle a h\u00e9berg\u00e9 toute l&rsquo;\u00e9quipe de tournage de \u00ab\u00a0Tous les matins du monde\u00a0\u00bb et est intarissable sur les fac\u00e9ties de Marielle et Depardieu!&nbsp;<\/p>\n<p><img loading=\"lazy\" decoding=\"async\" class=\"alignleft size-full wp-image-406\" src=\"http:\/\/www.velocanauxdodo.fr\/wp-content\/uploads\/oui.gif\" alt=\"\" width=\"48\" height=\"32\"><\/p>\n<p>Nuit \u00e0 l&rsquo;<a href=\"https:\/\/www.tourisme-creuse.com\/offres\/hotel-auberge-de-la-voueize-chambon-sur-voueize-fr-2632453\/\" target=\"_blank\" rel=\"noopener\">auberge de la Voueize<\/a>. En ville, bon accueil, belle chambre. escalope de veau dure!<\/p>\n<h3>&nbsp;<\/h3>\n<h3>13 ao\u00fbt: Chambon-sur-Voueize \u2192 Felletin (67 km)<\/h3>\n<p>Lever 6H30, p&rsquo;tit d\u00e9j basique, d\u00e9part 8H. Il fait frais jusqu&rsquo;\u00e0 9H30.<\/p>\n<div id=\"attachment_7936\" style=\"width: 410px\" class=\"wp-caption alignleft\"><img loading=\"lazy\" decoding=\"async\" aria-describedby=\"caption-attachment-7936\" class=\"wp-image-7936\" src=\"http:\/\/www.velocanauxdodo.fr\/wp-content\/uploads\/20220813_145305-DSC03058-1024x576-300x169.jpg\" alt=\"\" width=\"400\" height=\"225\" srcset=\"http:\/\/www.velocanauxdodo.fr\/wp-content\/uploads\/20220813_145305-DSC03058-1024x576-300x169.jpg 300w, http:\/\/www.velocanauxdodo.fr\/wp-content\/uploads\/20220813_145305-DSC03058-1024x576-768x432.jpg 768w, http:\/\/www.velocanauxdodo.fr\/wp-content\/uploads\/20220813_145305-DSC03058-1024x576.jpg 1024w, http:\/\/www.velocanauxdodo.fr\/wp-content\/uploads\/20220813_145305-DSC03058-1024x576-150x84.jpg 150w, http:\/\/www.velocanauxdodo.fr\/wp-content\/uploads\/20220813_145305-DSC03058-1024x576-400x225.jpg 400w\" sizes=\"auto, (max-width: 400px) 100vw, 400px\" \/><p id=\"caption-attachment-7936\" class=\"wp-caption-text\">Manufacture royale<\/p><\/div>\n<p>Petit d\u00e9tour vers la r\u00e9serve naturelle de l&rsquo;\u00e9tang des Landes, arriv\u00e9e \u00e0 Aubusson vers midi. D\u00e9jeuner et recharge de batterie (le\u00e7on de la veille!!) \u00e0 la pizzeria \u00ab\u00a0Jules Sandeau\u00a0\u00bb (TB). Office du Tourisme et visite de la manufacture royale St Jean guid\u00e9s par une vieille employ\u00e9e ronchon! puis route pour Felletin en turbo car \u00e7a grimpe tout le temps (et la batterie est pleine!) CHAUD!! Attendons l&rsquo;ouverture de l&rsquo;h\u00f4tel \u00e0 17H. Diner piquenique (pas de restau ce jour). La m\u00e9t\u00e9o annonce l&rsquo;arriv\u00e9e du mauvais temps qui ne perd pas de temps car un \u00e9norme orage \u00e9clate dans la nuit.&nbsp;<\/p>\n<p><img loading=\"lazy\" decoding=\"async\" class=\"alignleft size-full wp-image-406\" src=\"http:\/\/www.velocanauxdodo.fr\/wp-content\/uploads\/oui.gif\" alt=\"\" width=\"48\" height=\"32\">Nuit \u00e0 l&rsquo;<a href=\"http:\/\/ww.hotelduparcdemillevaches.fr\" target=\"_blank\" rel=\"noopener\">h\u00f4tel du Parc des Millevaches<\/a>. Bon accueil patron sympa. Chambre et douche minuscules pas de restaurant le samedi.&nbsp;<\/p>\n<p>&nbsp;<\/p>\n<p>&nbsp;<\/p>\n<div id=\"attachment_7937\" style=\"width: 310px\" class=\"wp-caption alignright\"><img loading=\"lazy\" decoding=\"async\" aria-describedby=\"caption-attachment-7937\" class=\"wp-image-7937\" src=\"http:\/\/www.velocanauxdodo.fr\/wp-content\/uploads\/20220814_140349-801x1024-235x300.jpg\" alt=\"\" width=\"300\" height=\"384\" srcset=\"http:\/\/www.velocanauxdodo.fr\/wp-content\/uploads\/20220814_140349-801x1024-235x300.jpg 235w, http:\/\/www.velocanauxdodo.fr\/wp-content\/uploads\/20220814_140349-801x1024-768x982.jpg 768w, http:\/\/www.velocanauxdodo.fr\/wp-content\/uploads\/20220814_140349-801x1024.jpg 801w, http:\/\/www.velocanauxdodo.fr\/wp-content\/uploads\/20220814_140349-801x1024-117x150.jpg 117w, http:\/\/www.velocanauxdodo.fr\/wp-content\/uploads\/20220814_140349-801x1024-400x511.jpg 400w\" sizes=\"auto, (max-width: 300px) 100vw, 300px\" \/><p id=\"caption-attachment-7937\" class=\"wp-caption-text\">Abribus<\/p><\/div>\n<h3>14 ao\u00fbt: Felletin \u2192 Saint-Marc-\u00e0-Loubaud ( 37 km)<\/h3>\n<p>R\u00e9veil 7H45, Petit d\u00e9j 9H basique. La journ\u00e9e plage et bain programm\u00e9e sur le lac de Lavaud est impossible \u00e0 cause du temps automnal. On glandouille toute la matin\u00e9e \u00e0 Felletin: Office de tourisme ferm\u00e9, courses au Carrefour -Mini et ap\u00e9ro au Grand Caf\u00e9 qui ferme \u00e0 12H30. Vivant le patelin! Piquenique sardines-carottes \u00e0 l&rsquo;h\u00f4tel pour rester dans l&rsquo;ambiance et d\u00e9part pour une petite \u00e9tape de 23km tr\u00e8s <em>c\u00f4teuse<\/em> pr\u00e9vue donc toute en turbo! Une petite pluie commence et arr\u00eat forc\u00e9 dans une sorte d&rsquo;abribus rustique&nbsp; au lieu-dit \u00ab\u00a0Sous les foug\u00e8res\u00a0\u00bb. Un riverain vient nous proposer de nous abriter et de prendre un caf\u00e9 dans sa maison \u00e0 c\u00f4t\u00e9. La pluie redouble et nous acceptons. Pause tr\u00e8s sympa en compagnie d&rsquo;un jeune couple avec un b\u00e9b\u00e9 de 16 mois. Il ne pleut plus et nous repartons au bout d&rsquo;une heure pour la chambre d&rsquo;h\u00f4tes \u00e0 c\u00f4t\u00e9 du Lac du lac de Lavaud-G\u00e9lade. Une petite collation offerte \u00e0 notre arriv\u00e9e. Un petit tour au lac gris-gris&#8230; L&rsquo;aire de camping n&rsquo;est pas terrible. Diner casse croute sur la terrasse. IL pleut et tonne dans la nuit!<\/p>\n<p><img loading=\"lazy\" decoding=\"async\" class=\"size-full wp-image-308 alignleft\" title=\"coeur_022\" src=\"\/wp-content\/uploads\/coeur_022.gif\" alt=\"coeur_022\" width=\"48\" height=\"48\"><\/p>\n<p>Nuit en chambre d&rsquo;h\u00f4tes \u00ab\u00a0<a href=\"https:\/\/www.lac-lavaud-gelade.fr\/\" target=\"_blank\" rel=\"noopener\">Les chambres du Lac<\/a>\u00a0\u00bb chez Brigitte &amp; Jo\u00ebl. Belle chambre, bon accueil, Petit d\u00e9j vari\u00e9 et \u00e0 quelques pas de la plage sur le lac.<\/p>\n<p>&nbsp;<\/p>\n<h3>15 ao\u00fbt: Saint-Marc \u2192 Ch\u00e2telus (65km)<\/h3>\n<div id=\"attachment_7938\" style=\"width: 410px\" class=\"wp-caption alignleft\"><img loading=\"lazy\" decoding=\"async\" aria-describedby=\"caption-attachment-7938\" class=\"wp-image-7938\" src=\"http:\/\/www.velocanauxdodo.fr\/wp-content\/uploads\/20220815_105639-1024x576-300x169.jpg\" alt=\"\" width=\"400\" height=\"225\" srcset=\"http:\/\/www.velocanauxdodo.fr\/wp-content\/uploads\/20220815_105639-1024x576-300x169.jpg 300w, http:\/\/www.velocanauxdodo.fr\/wp-content\/uploads\/20220815_105639-1024x576-768x432.jpg 768w, http:\/\/www.velocanauxdodo.fr\/wp-content\/uploads\/20220815_105639-1024x576.jpg 1024w, http:\/\/www.velocanauxdodo.fr\/wp-content\/uploads\/20220815_105639-1024x576-150x84.jpg 150w, http:\/\/www.velocanauxdodo.fr\/wp-content\/uploads\/20220815_105639-1024x576-400x225.jpg 400w\" sizes=\"auto, (max-width: 400px) 100vw, 400px\" \/><p id=\"caption-attachment-7938\" class=\"wp-caption-text\">Un canal en Creuse!<\/p><\/div>\n<p>Petit d\u00e9j 7H30 correct mais pas tr\u00e8s copieux pour les grand sportifs que nous sommes \ud83d\ude42 A peine partis (8H45) il pleut et nous nous abritons sous un arbre. Ce sera la seule rinc\u00e9e de la journ\u00e9e ouf! mais temps beaucoup plus frais et nuageux. Nous longeons les lacs de La Vaud puis de Vassivi\u00e8re . Arr\u00eat aux cascades des Jarrauds sur la Maulde, belle balade \u00e0 pied le long du canal qui alimentait l&rsquo;<a href=\"https:\/\/fr.wikipedia.org\/wiki\/Mus%C3%A9e_de_l%27%C3%A9lectrification_de_Bourganeuf\" target=\"_blank\" rel=\"noopener\">usine \u00e9lectrique de Bourganeuf<\/a> au 19<sup>\u00e8me<\/sup> si\u00e8cle. Route, bien s\u00fbr, avec que des c\u00f4tes, des mont\u00e9es et quelques belles descentes jusqu&rsquo;\u00e0 Bourganeuf o\u00f9 nous d\u00e9jeunons au bistrot face \u00e0 l&rsquo;\u00e9glise. Charge de la batterie de madame; soyons prudent!. Route vers Ch\u00e2telus avec mont\u00e9es et descentes interminables et arriv\u00e9e vers 14H30. C&rsquo;est la f\u00eate au village! A camping; Boubacar va bien et est r\u00e9-install\u00e9. Nous descendons au village \u00e0 la brocante et pour assister au concert Rock-Blues de R\u00e9gis, Sarah et Th\u00e9o; super sympa. Au camping pour diner et retour \u00e0 la f\u00eate pour la soir\u00e9e dansante anim\u00e9e par DJ Bang bang. Quelle ambiance! Nuit dans le camion.&nbsp;<\/p>\n<p>&nbsp;<\/p>\n<p><center>\t<video id=\"wp_mep_1\"   width=\"426\" height=\"240\"  controls=\"controls\" preload=\"auto\"  >\r\n\t\t<source src=\"http:\/\/www.velocanauxdodo.fr\/wp-content\/uploads\/jazzchat.mp4\" type=\"video\/mp4\" \/>\r\n\t\t\r\n\t\t\r\n\t\t\r\n\t\t\r\n\t\t\r\n\t\t\r\n\t<\/video>\r\n<script type=\"text\/javascript\">\r\njQuery(document).ready(function($) {\r\n\t$('#wp_mep_1').mediaelementplayer({\r\n\t\tm:1\r\n\t\t\r\n\t\t,features: ['playpause','current','progress','duration','volume','tracks','fullscreen']\r\n\t\t\r\n\t});\r\n});\r\n<\/script>\r\n<\/p>\n<p>&nbsp;<\/p>\n<h3 style=\"text-align: left;\">&nbsp;16 ao\u00fbt: Epilogue<\/h3>\n<p>&nbsp;<\/p>\n<p>&nbsp;<\/p>\n<p><\/center>D\u00e9part (en camion ouh ouh ouh!!) pour une journ\u00e9e touristique sur le chemin du retour.<\/p>\n<p><strong>Bourganeuf<\/strong>: Mini visite de l&rsquo;\u00e9glise, puis de l&rsquo;office de tourisme (achat de quelques sp\u00e9cialit\u00e9s locales) et enfin de la <a href=\"https:\/\/fr.wikipedia.org\/wiki\/Tour_Zizim\" target=\"_blank\" rel=\"noopener\">tour Zizim<\/a>.&nbsp;<\/p>\n<p><strong>Gueret<\/strong>: quelques courses<\/p>\n<p><a href=\"https:\/\/fr.wikipedia.org\/wiki\/Toulx-Sainte-Croix#Culture_locale_et_patrimoine\" target=\"_blank\" rel=\"noopener\"><strong>Toulx Sainte Croix<\/strong><\/a>: Piquenique puis au village, d\u00e9sert! Visite de l&rsquo;\u00e9glise et des sarcophages puis mont\u00e9e en haut de la tour (77 marches) pour la vue panoramique sur la r\u00e9gion. Sauvetage d&rsquo;une m\u00e9sange enferm\u00e9e dans la tour.&nbsp;Belle balade \u00e0 pied dans le chaos granitique des Pierres Jaum\u00e2tres.<\/p>\n<p><strong>Boussac<\/strong>: Office du tourisme puis vue du ch\u00e2teau d&rsquo;en bas et d&rsquo;en haut.<\/p>\n<p>Route jusqu&rsquo;\u00e0 Pouligny-Notre-Dame au camping de Ligny. bel \u00e9quipement \u00e0 2 pas de l&rsquo;itin\u00e9raire \u00ab\u00a0l&rsquo;Indre \u00e0 v\u00e9lo\u00a0\u00bb. On reviendra. Soir\u00e9e pluie et nuit temp\u00eate!<\/p>\n<p>17 aout: retour maison.<\/p>\n<h2 style=\"text-align: left;\">Le parcours<\/h2>\n<p style=\"text-align: left;\">Ci-dessous la trace du parcours.<\/p>\n<p style=\"text-align: left;\">Utiliser le bouton \u00ab\u00a0Download\u00a0\u00bb ci-dessous pour t\u00e9l\u00e9charger les&nbsp;traces GPS (format KML)<\/p>\n<p><center>[map kml=\u00a0\u00bbhttp:\/\/www.velocanauxdodo.fr\/wp-content\/gpstraces\/creuse3.kmz\u00a0\u00bb style=\u00a0\u00bbwidth:700px; height:800px; border:2px solid black; margin:20px 20px 20px 20px;\u00a0\u00bb z=\u00a0\u00bb10&Prime;]<\/center><span style=\"color: #008000;\"><b>Deux entorses \u00e0 notre philosophie de rouleurs \u00e0 plat sur voies vertes! Un parcours enti\u00e8rement sur route dans un environnement&nbsp;tr\u00e8s vallonn\u00e9 (5000m de grimpettes!). Mais il fallait essayer surtout depuis qu&rsquo;on a des VAE. La Creuse est une belle r\u00e9gion mais il a fait tr\u00e8s chaud en cette ann\u00e9e de canicule puis le mauvais temps s&rsquo;est install\u00e9 quand nous aurions aim\u00e9 un peu de soleil! Pas de chance. Enfin si les Creusois sont bien attentionn\u00e9s en g\u00e9n\u00e9ral il me semble que les professionnels du tourisme, qui nous ont parfois mal accueillis, manquent un peu de \u00ab\u00a0culture v\u00e9lo\u00a0\u00bb!&nbsp;<\/b><\/span><\/p>\n<h2>La documentation:<\/h2>\n<p><div class=\"note\"><div class=\"noteclassic\"><\/p>\n<p>Le site <a href=\"https:\/\/www.tourisme-creuse.com\/toute-la-creuse\/bouger\/la-creuse-a-velo\/\" target=\"_blank\" rel=\"noopener\">Tourisme-Creuse<\/a><\/p>\n<p>Le site <a href=\"https:\/\/www.francevelotourisme.com\/itineraire\/tour-de-creuse-a-velo\" target=\"_blank\" rel=\"noopener\">France-V\u00e9lo-Tourisme<\/a><\/p>\n<p><\/div><\/div><\/p>\n<\/p>\n<h2 style=\"text-align: left;\">Photos<\/h2>\n<p style=\"text-align: left;\">ngg_shortcode_0_placeholder<\/p>\n<p style=\"text-align: left;\">\n<p style=\"text-align: right;\"><a href=\"http:\/\/www.velocanauxdodo.fr\/?page_id=7808&amp;print=1\" title=\"Imprimer cet article\" rel=\"nofollow\"><img decoding=\"async\" class=\"WP-PrintIcon\" src=\"http:\/\/www.velocanauxdodo.fr\/wp-content\/plugins\/wp-print\/images\/print.gif\" alt=\"Imprimer cet article\" title=\"Imprimer cet article\" style=\"border: 0px;\" \/><\/a>&nbsp;<a href=\"http:\/\/www.velocanauxdodo.fr\/?page_id=7808&amp;print=1\" title=\"Imprimer cet article\" rel=\"nofollow\">Imprimer cet article<\/a><\/p>\n","protected":false},"excerpt":{"rendered":"<p style=\"text-align: right;\">&nbsp;Imprimer cet article<\/p>\n<p> Du 10 au 15 ao\u00fbt 2022, apr\u00e8s quelques jours chez une vieille cousine en Limousin, sur la route du retour, nous abandonnons \u00ab Boubacar \u00bb (c&rsquo;est notre fourgon am\u00e9nag\u00e9) \u00e0 Ch\u00e2telus-Le-Marcheix sur l&rsquo;itin\u00e9raire cyclable \u00ab Tour de Creuse \u00bb concoct\u00e9 par l&rsquo;Office du Tourisme de Creuse. Une fois n&rsquo;est pas [&#8230;]<\/p>\n","protected":false},"author":3,"featured_media":0,"parent":1251,"menu_order":0,"comment_status":"closed","ping_status":"closed","template":"","meta":{"ngg_post_thumbnail":0,"footnotes":""},"class_list":["post-7808","page","type-page","status-publish","hentry","odd"],"_links":{"self":[{"href":"http:\/\/www.velocanauxdodo.fr\/index.php?rest_route=\/wp\/v2\/pages\/7808","targetHints":{"allow":["GET"]}}],"collection":[{"href":"http:\/\/www.velocanauxdodo.fr\/index.php?rest_route=\/wp\/v2\/pages"}],"about":[{"href":"http:\/\/www.velocanauxdodo.fr\/index.php?rest_route=\/wp\/v2\/types\/page"}],"author":[{"embeddable":true,"href":"http:\/\/www.velocanauxdodo.fr\/index.php?rest_route=\/wp\/v2\/users\/3"}],"replies":[{"embeddable":true,"href":"http:\/\/www.velocanauxdodo.fr\/index.php?rest_route=%2Fwp%2Fv2%2Fcomments&post=7808"}],"version-history":[{"count":20,"href":"http:\/\/www.velocanauxdodo.fr\/index.php?rest_route=\/wp\/v2\/pages\/7808\/revisions"}],"predecessor-version":[{"id":7942,"href":"http:\/\/www.velocanauxdodo.fr\/index.php?rest_route=\/wp\/v2\/pages\/7808\/revisions\/7942"}],"up":[{"embeddable":true,"href":"http:\/\/www.velocanauxdodo.fr\/index.php?rest_route=\/wp\/v2\/pages\/1251"}],"wp:attachment":[{"href":"http:\/\/www.velocanauxdodo.fr\/index.php?rest_route=%2Fwp%2Fv2%2Fmedia&parent=7808"}],"curies":[{"name":"wp","href":"https:\/\/api.w.org\/{rel}","templated":true}]}}